{"id":16,"date":"2016-03-07T15:31:49","date_gmt":"2016-03-07T14:31:49","guid":{"rendered":"http:\/\/lesavoirpartage.org\/new\/?page_id=16"},"modified":"2021-11-06T18:23:02","modified_gmt":"2021-11-06T17:23:02","slug":"liens","status":"publish","type":"page","link":"https:\/\/lesavoirpartage.org\/new\/liens\/","title":{"rendered":"Liens"},"content":{"rendered":"<h2 style=\"text-align: center;\"><strong>LIENS VERS LES UNIVERSITES VOISINES <\/strong><\/h2>\n<h3 style=\"text-align: center;\"><strong>(DROME ET ARDECHE)<\/strong><\/h3>\n<p>&nbsp;<\/p>\n<p><strong><a href=\"http:\/\/universitepopulaire.eu\" target=\"_blank\" rel=\"noopener noreferrer\"><img loading=\"lazy\" decoding=\"async\" class=\"alignleft wp-image-110 size-full\" src=\"http:\/\/lesavoirpartage.org\/new\/wp-content\/uploads\/2016\/03\/10liensMini.jpg\" alt=\"10liensMini\" height=\"50\" width=\"100\"><\/a>Association des Universit\u00e9s populaires de France<\/strong><br \/>\nAUPF Cour des Cha\u00eenes - 13 rue des Franciscains - F-68100 Mulhouse<br \/>\nTel : 03 89 46 48 48<br \/>\nFax : 03 89 45 75 45<br \/>\nSite Internet : <a href=\"http:\/\/universitepopulaire.eu\" target=\"_blank\" rel=\"noopener noreferrer\">universitepopulaire.eu<\/a><\/p>\n<p>&nbsp;<\/p>\n<p>Un Comit\u00e9 R\u00e9gional des Universit\u00e9s Populaires Rh\u00f4ne-Alpes - CRUP-RA - cr\u00e9e le lien entre les universit\u00e9s populaires de la r\u00e9gion.<\/p>\n<p><strong><a href=\"http:\/\/www.crup-ra.fr\" target=\"_blank\" rel=\"noopener noreferrer\"><img loading=\"lazy\" decoding=\"async\" class=\"alignleft wp-image-113 size-full\" src=\"http:\/\/lesavoirpartage.org\/new\/wp-content\/uploads\/2016\/03\/logo-CRUP-RA.png\" alt=\"logo-CRUP-RA\" height=\"140\" width=\"176\"><\/a>Comit\u00e9 R\u00e9gional des Universit\u00e9s Populaire Rh\u00f4ne-Alpes<br \/>\nCRUP-RA<\/strong><br \/>\n20 rue St Antoine<br \/>\n26100 ROMANS-SUR-ISERE<br \/>\nT\u00e9l\u00e9phone&nbsp;: 04 75 05 04 45<br \/>\nSite internet&nbsp;: <a href=\"http:\/\/www.crup-ra.fr\/\" target=\"_blank\" rel=\"noopener noreferrer\">www.crup-ra.fr<\/a><\/p>\n<p>&nbsp;<\/p>\n<h3 style=\"text-align: center;\"><strong>DANS LA DROME<\/strong><\/h3>\n<p>&nbsp;<\/p>\n<p><strong><img loading=\"lazy\" decoding=\"async\" class=\"wp-image-2183 alignleft\" src=\"http:\/\/lesavoirpartage.org\/new\/wp-content\/uploads\/2016\/03\/fuchsia-logo-acces-G-300x178.png\" alt=\"\" height=\"74\" width=\"125\" srcset=\"https:\/\/lesavoirpartage.org\/new\/wp-content\/uploads\/2016\/03\/fuchsia-logo-acces-G-300x178.png 300w, https:\/\/lesavoirpartage.org\/new\/wp-content\/uploads\/2016\/03\/fuchsia-logo-acces-G.png 542w\" sizes=\"auto, (max-width: 125px) 100vw, 125px\" \/>Universit\u00e9 populaire de Romans<\/strong><br \/>\n20 rue Saint Antoine - 26100 Romans sur Is\u00e8re<br \/>\nT\u00e9l. 04 75 05 04 45<br \/>\nSite internet&nbsp;: <a href=\"http:\/\/www.accesromans.com\/\" target=\"_blank\" rel=\"noopener noreferrer\">http:\/\/www.accesromans.com\/<\/a><\/p>\n<p>&nbsp;<\/p>\n<p><a href=\"http:\/\/www.untl.net\/\" target=\"_blank\" rel=\"noopener noreferrer\"><img loading=\"lazy\" decoding=\"async\" class=\"alignleft wp-image-106 size-full\" src=\"http:\/\/lesavoirpartage.org\/new\/wp-content\/uploads\/2016\/03\/3liensMini.jpg\" alt=\"3liensMini\" height=\"100\" width=\"76\"><\/a><strong>UNIVERSITE NYONSAISE DU TEMPS LIBRE DROME PROVENCALE ET BARONNIES<\/strong><br \/>\nMAISON DES ASSOCIATIONS GEORGES-GIRARD<br \/>\n29, Draye de Meyne<br \/>\n26110 NYONS<br \/>\nTel&nbsp;: 04 75 26 41 37<br \/>\nSite internet&nbsp;: <a href=\"http:\/\/www.untl.net\/\">http:\/\/www.untl.net\/<\/a><\/p>\n<p>&nbsp;<\/p>\n<p><strong><a href=\"http:\/\/www.upaval.com\/\" target=\"_blank\" rel=\"noopener noreferrer\"><img loading=\"lazy\" decoding=\"async\" class=\"alignleft wp-image-107 size-full\" src=\"http:\/\/lesavoirpartage.org\/new\/wp-content\/uploads\/2016\/03\/4liensMini.jpg\" alt=\"4liensMini\" height=\"91\" width=\"100\"><\/a>Universit\u00e9 populaire de l\u2019agglomeration valentinoise<br \/>\n<\/strong>20 Chemin du Valentin,<br \/>\n26500 Bourg-l\u00e8s-Valence<br \/>\nT\u00e9l\u00e9phone&nbsp;: 04 75 56 81 79<br \/>\nSite internet&nbsp;: <a href=\"http:\/\/www.upaval.com\/\">http:\/\/www.upaval.com\/<\/a><\/p>\n<p>&nbsp;<\/p>\n<p><strong><a href=\"http:\/\/www.up-sael-montelimar.fr\/\" target=\"_blank\" rel=\"noopener noreferrer\"><img loading=\"lazy\" decoding=\"async\" class=\"alignleft wp-image-108 size-full\" src=\"http:\/\/lesavoirpartage.org\/new\/wp-content\/uploads\/2016\/03\/5liensMini.jpg\" alt=\"5liensMini\" height=\"81\" width=\"100\"><\/a>Universit\u00e9 populaire de Mont\u00e9limar<br \/>\n<\/strong>1 Avenue Saint-Martin,<br \/>\n26200 Mont\u00e9limar<br \/>\nT\u00e9l\u00e9phone&nbsp;: 04 75 52 31 45<br \/>\nSite internet&nbsp;: <a href=\"http:\/\/www.up-sael-montelimar.fr\/\">http:\/\/www.up-sael-montelimar.fr\/<\/a><\/p>\n<p>&nbsp;<\/p>\n<p><strong><a href=\"http:\/\/www.upvaldrome.com\/\" target=\"_blank\" rel=\"noopener noreferrer\"><img loading=\"lazy\" decoding=\"async\" class=\"alignleft wp-image-116 size-full\" src=\"http:\/\/lesavoirpartage.org\/new\/wp-content\/uploads\/2016\/03\/upvaldrome.png\" alt=\"upvaldrome\" height=\"63\" width=\"115\"><\/a>Universit\u00e9 du Val de Dr\u00f4me<br \/>\n<\/strong>26 rue Jean XXIII<br \/>\n26400 Crest<br \/>\nT\u00e9l : 04 75 25 17 66<br \/>\nSite internet&nbsp;: <a href=\"http:\/\/www.upvaldrome.com\/\">http:\/\/www.upvaldrome.com\/<\/a><\/p>\n<p>&nbsp;<\/p>\n<p><strong><a href=\"http:\/\/uptricastine.ek.la\/\" target=\"_blank\" rel=\"noopener noreferrer\"><img loading=\"lazy\" decoding=\"async\" class=\"alignleft wp-image-118 size-full\" src=\"http:\/\/lesavoirpartage.org\/new\/wp-content\/uploads\/2016\/03\/uptricastine.jpg\" alt=\"uptricastine\" height=\"110\" width=\"100\"><\/a>Universit\u00e9 populaire Tricastine<\/strong><br \/>\n1 rue du serf<br \/>\n26130 St Paul-Trois-Ch\u00e2teaux<br \/>\nTel : 04 74 04 92 89<br \/>\nSite internet&nbsp;: <a href=\"http:\/\/uptricastine.ek.la\/\">http:\/\/uptricastine.ek.la\/<\/a><\/p>\n<p>&nbsp;<\/p>\n<h3 style=\"text-align: center;\"><strong>DANS L\u2019ARDECHE<\/strong><\/h3>\n<p>&nbsp;<\/p>\n<p><strong><a href=\"http:\/\/universitepopulaireardeche.jimdo.com\/\" target=\"_blank\" rel=\"noopener noreferrer\"><img loading=\"lazy\" decoding=\"async\" class=\"alignleft wp-image-121 size-full\" src=\"http:\/\/lesavoirpartage.org\/new\/wp-content\/uploads\/2016\/03\/univcentreardeche.png\" alt=\"univcentreardeche\" height=\"75\" width=\"120\"><\/a>UNIVERSITE POPULAIRE CENTRE ARDECHE<\/strong><br \/>\nLe Tissage<br \/>\n07360 Les Olli\u00e8res sur Eyrieux<br \/>\nTel: 04 75 64 34 33<br \/>\nSite internet&nbsp;: <a href=\"http:\/\/universitepopulaireardeche.jimdo.com\/\">http:\/\/universitepopulaireardeche.jimdo.com\/<\/a><\/p>\n<p>&nbsp;<\/p>\n<p><strong><a href=\"http:\/\/www.universite-populaire-aubenas.fr\/\" target=\"_blank\" rel=\"noopener noreferrer\"><img loading=\"lazy\" decoding=\"async\" class=\"alignleft wp-image-122 size-full\" src=\"http:\/\/lesavoirpartage.org\/new\/wp-content\/uploads\/2016\/03\/aubenas.png\" alt=\"aubenas\" height=\"32\" width=\"96\"><\/a>Universit\u00e9 Basse Ard\u00e8che<br \/>\n<\/strong>bp&nbsp;50048<br \/>\n07202 aubenas<br \/>\nSite internet&nbsp;: <a href=\"http:\/\/www.universite-populaire-aubenas.fr\/\">http:\/\/www.universite-populaire-aubenas.fr\/<\/a><\/p>\n<p>&nbsp;<\/p>\n<p><strong><a href=\"http:\/\/www.upvh.fr\/\" target=\"_blank\" rel=\"noopener noreferrer\"><img loading=\"lazy\" decoding=\"async\" class=\"alignleft wp-image-124 size-full\" src=\"http:\/\/lesavoirpartage.org\/new\/wp-content\/uploads\/2016\/03\/upvh.png\" alt=\"upvh\" height=\"100\" width=\"99\"><\/a>Universit\u00e9 populaire Vivarais-Hermitage<\/strong><br \/>\nMaison municipale pour tous \u2013 36 quai Gambetta<br \/>\n07300 Tournon-sur-Rh\u00f4ne<br \/>\nSite internet&nbsp;: <a href=\"http:\/\/www.upvh.fr\/\">www.upvh.fr<\/a><\/p>\n<p><strong>&nbsp;<\/strong><\/p>\n<p><strong>Universit\u00e9&nbsp;populaire du Vivarais<\/strong><br \/>\nBP 45<br \/>\n07270 LAMASTRE<br \/>\nSite internet&nbsp;: <a href=\"http:\/\/utl-lamastre.vernoux.over-blog.com\/\">http:\/\/utl-lamastre.vernoux.over-blog.com<\/a><\/p>\n<p>&nbsp;<\/p>\n","protected":false},"excerpt":{"rendered":"LIENS VERS LES UNIVERSITES VOISINES (DROME ET ARDECHE) &nbsp; Association des Universit\u00e9s populaires de France AUPF Cour des Cha\u00eenes - 13 rue des Franciscains - F-68100 Mulhouse Tel : 03 89 46 48 48 Fax : 03 89 45 75 45 Site Internet : universitepopulaire.eu &nbsp; Un Comit\u00e9 R\u00e9gional des Universit\u00e9s Populaires Rh\u00f4ne-Alpes - CRUP-RA - cr\u00e9e le lien entre&nbsp;<a href=\"https:\/\/lesavoirpartage.org\/new\/liens\/\" class=\"read-more\">Lire la suite<\/a>","protected":false},"author":1,"featured_media":0,"parent":0,"menu_order":0,"comment_status":"closed","ping_status":"closed","template":"","meta":{"_mi_skip_tracking":false,"_monsterinsights_sitenote_active":false,"_monsterinsights_sitenote_note":"","_monsterinsights_sitenote_category":0,"footnotes":""},"class_list":["post-16","page","type-page","status-publish","hentry"],"acf":[],"_links":{"self":[{"href":"https:\/\/lesavoirpartage.org\/new\/wp-json\/wp\/v2\/pages\/16","targetHints":{"allow":["GET"]}}],"collection":[{"href":"https:\/\/lesavoirpartage.org\/new\/wp-json\/wp\/v2\/pages"}],"about":[{"href":"https:\/\/lesavoirpartage.org\/new\/wp-json\/wp\/v2\/types\/page"}],"author":[{"embeddable":true,"href":"https:\/\/lesavoirpartage.org\/new\/wp-json\/wp\/v2\/users\/1"}],"replies":[{"embeddable":true,"href":"https:\/\/lesavoirpartage.org\/new\/wp-json\/wp\/v2\/comments?post=16"}],"version-history":[{"count":17,"href":"https:\/\/lesavoirpartage.org\/new\/wp-json\/wp\/v2\/pages\/16\/revisions"}],"predecessor-version":[{"id":2754,"href":"https:\/\/lesavoirpartage.org\/new\/wp-json\/wp\/v2\/pages\/16\/revisions\/2754"}],"wp:attachment":[{"href":"https:\/\/lesavoirpartage.org\/new\/wp-json\/wp\/v2\/media?parent=16"}],"curies":[{"name":"wp","href":"https:\/\/api.w.org\/{rel}","templated":true}]}}